{"id":169,"date":"2009-11-30T20:17:54","date_gmt":"2009-11-30T19:17:54","guid":{"rendered":"http:\/\/www.archeoaep.fr\/?product=la-grotte-du-gardon-ain-volume-i"},"modified":"2013-10-20T16:15:20","modified_gmt":"2013-10-20T15:15:20","slug":"la-grotte-du-gardon-ain-volume-i","status":"publish","type":"product","link":"https:\/\/archeoaep.fr\/?product=la-grotte-du-gardon-ain-volume-i","title":{"rendered":"La grotte du Gardon (Ain), volume I"},"content":{"rendered":"<h1>La grotte du Gardon (Ain), volume I. Le site et la s\u00e9quence n\u00e9olithique des couches 60 \u00e0 47.<\/h1>\n<p><strong><strong>2009<\/strong>, Jean-Louis VORUZ, dir.<\/strong><\/p>\n<p>La grotte du Gardon \u00e0 Amb\u00e9rieu-en-Bugey (Ain), au sud du Jura, a fait l\u2019objet, durant plus de quinze ann\u00e9es, d\u2019une importante fouille programm\u00e9e afin d\u2019\u00e9tablir une nouvelle s\u00e9quence chrono-culturelle de r\u00e9f\u00e9rence pour la Pr\u00e9histoire r\u00e9cente du haut Bassin rhodanien. Ce volume constitue le premier volet d\u2019une trilogie pr\u00e9sentant les r\u00e9sultats de ces recherches qui documentent les occupations humaines depuis la fin du sixi\u00e8me mill\u00e9naire jusqu\u2019au XVIIe\u00a0si\u00e8cle de notre \u00e8re.<\/p>\n<p>La premi\u00e8re partie de l\u2019ouvrage pr\u00e9sente le gisement dans son contexte g\u00e9ographique et g\u00e9ologique, les r\u00e9sultats des fouilles anciennes, la stratigraphie, les datations absolues et les facteurs de remplissage. Il est notamment possible de mettre en \u00e9vidence une alternance de couches d\u2019occupation et de niveaux d\u2019inondation du trop-plein karstique, en lien avec les variations pal\u00e9o-climatiques reconnues dans le Jura.<\/p>\n<p>La seconde partie traite de l\u2019environnement du gisement, qu\u2019il soit arch\u00e9ologique ou naturel (anthracologie, carpologie, pal\u00e9oenvironnement, microfaune, ressources lithiques).<\/p>\n<p>En dernier lieu est abord\u00e9e la question de la n\u00e9olithisation de cette r\u00e9gion par la pr\u00e9sentation des couches 60 \u00e0 47. Durant le N\u00e9olithique ancien, entre 5300 et 4800 avant notre \u00e8re, la grotte est occup\u00e9e \u00e0 plusieurs reprises, soit par des \u00e9leveurs d\u2019origine m\u00e9ridionale, soit par des chasseurs autochtones dont les pratiques renvoient pour l\u2019essentiel aux traditions m\u00e9solithiques locales. Le d\u00e9but du N\u00e9olithique moyen, entre 4700 et 4250 avant notre \u00e8re, correspond \u00e0 des occupations semi-permanentes (habitats ou bergeries). Ces niveaux, riches en mat\u00e9riaux arch\u00e9ologiques, ont contribu\u00e9 \u00e0 la d\u00e9finition des ensembles culturels de cette p\u00e9riode, et notamment du style de Saint-Uze.<\/p>\n","protected":false},"excerpt":{"rendered":"<p>La grotte du Gardon (Ain), volume I. Le site et la s\u00e9quence n\u00e9olithique des couches 60 \u00e0 47. 2009, Jean-Louis VORUZ, dir. La grotte du Gardon \u00e0 Amb\u00e9rieu-en-Bugey (Ain), au [&hellip;]<\/p>\n","protected":false},"featured_media":56,"comment_status":"closed","ping_status":"closed","template":"","meta":[],"product_brand":[],"product_cat":[166],"product_tag":[103,91,21,105,94,23,110,107,108,79,106,102,109,104],"class_list":{"0":"post-169","1":"product","2":"type-product","3":"status-publish","4":"has-post-thumbnail","6":"product_cat-monographies-syntheses-et-colloques","7":"product_tag-ain","8":"product_tag-archeozoologie","9":"product_tag-ceramique","10":"product_tag-chronologie","11":"product_tag-grotte","12":"product_tag-industrie-lithique","13":"product_tag-industrie-osseuse","14":"product_tag-mesolithique-recent","15":"product_tag-neolithique-ancien","16":"product_tag-neolithique-moyen","17":"product_tag-radiocarbone","18":"product_tag-rhone-alpes","19":"product_tag-saint-uze","20":"product_tag-stratigraphie","21":"pa_isbn-978-2-35842-0020","22":"pa_nombre-de-pages-45","23":"has_thumb","25":"first","26":"instock","27":"taxable","28":"shipping-taxable","29":"purchasable","30":"product-type-simple"},"_links":{"self":[{"href":"https:\/\/archeoaep.fr\/index.php?rest_route=\/wp\/v2\/product\/169","targetHints":{"allow":["GET"]}}],"collection":[{"href":"https:\/\/archeoaep.fr\/index.php?rest_route=\/wp\/v2\/product"}],"about":[{"href":"https:\/\/archeoaep.fr\/index.php?rest_route=\/wp\/v2\/types\/product"}],"replies":[{"embeddable":true,"href":"https:\/\/archeoaep.fr\/index.php?rest_route=%2Fwp%2Fv2%2Fcomments&post=169"}],"wp:featuredmedia":[{"embeddable":true,"href":"https:\/\/archeoaep.fr\/index.php?rest_route=\/wp\/v2\/media\/56"}],"wp:attachment":[{"href":"https:\/\/archeoaep.fr\/index.php?rest_route=%2Fwp%2Fv2%2Fmedia&parent=169"}],"wp:term":[{"taxonomy":"product_brand","embeddable":true,"href":"https:\/\/archeoaep.fr\/index.php?rest_route=%2Fwp%2Fv2%2Fproduct_brand&post=169"},{"taxonomy":"product_cat","embeddable":true,"href":"https:\/\/archeoaep.fr\/index.php?rest_route=%2Fwp%2Fv2%2Fproduct_cat&post=169"},{"taxonomy":"product_tag","embeddable":true,"href":"https:\/\/archeoaep.fr\/index.php?rest_route=%2Fwp%2Fv2%2Fproduct_tag&post=169"}],"curies":[{"name":"wp","href":"https:\/\/api.w.org\/{rel}","templated":true}]}}