{"id":174,"date":"2006-06-30T20:32:14","date_gmt":"2006-06-30T19:32:14","guid":{"rendered":"http:\/\/www.archeoaep.fr\/?product=la-fin-de-lage-de-pierre"},"modified":"2025-09-23T08:57:56","modified_gmt":"2025-09-23T07:57:56","slug":"la-fin-de-lage-de-pierre","status":"publish","type":"product","link":"https:\/\/archeoaep.fr\/?product=la-fin-de-lage-de-pierre","title":{"rendered":"La fin de l\u2019\u00c2ge de Pierre en Europe du Sud"},"content":{"rendered":"<div>\n<div>\n<h1>La fin de l\u2019\u00c2ge de Pierre en Europe du Sud.<\/h1>\n<\/div>\n<\/div>\n<h3><strong>2006<\/strong>, sous la direction de Jean VAQUER et Fran\u00e7ois BRIOIS, pr\u00e9face de Jean GUILAINE<\/h3>\n<p>En comp\u00e9tition avec les premiers outils de cuivre, les industries en pierre taill\u00e9e du Chalcolithique europ\u00e9en atteignent un apog\u00e9e marqu\u00e9 par l\u2019exploitation de silex s\u00e9lectionn\u00e9s et la mise au point de techniques de taille tr\u00e8s sophistiqu\u00e9es que les recherches en cours tentent de retrouver.<\/p>\n<p>La rencontre de Carcassonne, motiv\u00e9e par le d\u00e9marrage d\u2019un programme de recherche collectif engag\u00e9 sur les productions laminaires remarquables du Midi de la France, a donn\u00e9 lieu \u00e0 un premier bilan, tout en ouvrant le champ de la r\u00e9flexion \u00e0 une gamme plus \u00e9tendue d\u2019outils en silex et \u00e0 un domaine de r\u00e9f\u00e9rence plus vaste couvrant une bonne partie de l\u2019Europe du sud.<\/p>\n<p>Les dix sept contributions r\u00e9unies dans cet ouvrage int\u00e9ressent de nouvelles probl\u00e9matiques dont les fronti\u00e8res spatiales et chronologiques sont reconsid\u00e9r\u00e9es et qui sont le fruit de recherches souvent pluridisciplinaires d\u00e9veloppant des m\u00e9thodes d\u2019investigation plus pr\u00e9cises. La p\u00e9riode de transition, qui marque la fin du N\u00e9olithique et l\u2019apparition des premi\u00e8res m\u00e9tallurgies, est au c\u0153ur du d\u00e9bat. Les industries y ont connu des d\u00e9veloppements singuliers en relation avec les \u00e9volutions socio-\u00e9conomiques et d\u00e9mographiques, voire id\u00e9ologiques.<\/p>\n<p>L\u2019essor d\u2019outils de plus en plus \u00e9labor\u00e9s, visibles notamment \u00e0 travers la production de grandes lames ou de poignards taill\u00e9s dans des mat\u00e9riaux d\u2019exception et qui circulent parfois sur de longues distances, marque un changement important dans lequel l\u2019affichage symbolique d\u00e9passe le domaine de l\u2019utilitaire, au seuil du 3e\u00a0mill\u00e9naire av.\u00a0J.-C.<\/p>\n","protected":false},"excerpt":{"rendered":"<p>La fin de l\u2019\u00c2ge de Pierre en Europe du Sud. 2006, sous la direction de Jean VAQUER et Fran\u00e7ois BRIOIS, pr\u00e9face de Jean GUILAINE En comp\u00e9tition avec les premiers outils [&hellip;]<\/p>\n","protected":false},"featured_media":47,"comment_status":"closed","ping_status":"closed","template":"","meta":[],"product_brand":[],"product_cat":[166],"product_tag":[121,120,23,112,20,22],"class_list":{"0":"post-174","1":"product","2":"type-product","3":"status-publish","4":"has-post-thumbnail","6":"product_cat-monographies-syntheses-et-colloques","7":"product_tag-espagne","8":"product_tag-france","9":"product_tag-industrie-lithique","10":"product_tag-italie","11":"product_tag-neolithique-final","12":"product_tag-silex","13":"pa_isbn-978-2-35842-0020","14":"pa_nombre-de-pages-50","15":"has_thumb","17":"first","18":"instock","19":"sale","20":"taxable","21":"shipping-taxable","22":"purchasable","23":"product-type-simple"},"_links":{"self":[{"href":"https:\/\/archeoaep.fr\/index.php?rest_route=\/wp\/v2\/product\/174","targetHints":{"allow":["GET"]}}],"collection":[{"href":"https:\/\/archeoaep.fr\/index.php?rest_route=\/wp\/v2\/product"}],"about":[{"href":"https:\/\/archeoaep.fr\/index.php?rest_route=\/wp\/v2\/types\/product"}],"replies":[{"embeddable":true,"href":"https:\/\/archeoaep.fr\/index.php?rest_route=%2Fwp%2Fv2%2Fcomments&post=174"}],"wp:featuredmedia":[{"embeddable":true,"href":"https:\/\/archeoaep.fr\/index.php?rest_route=\/wp\/v2\/media\/47"}],"wp:attachment":[{"href":"https:\/\/archeoaep.fr\/index.php?rest_route=%2Fwp%2Fv2%2Fmedia&parent=174"}],"wp:term":[{"taxonomy":"product_brand","embeddable":true,"href":"https:\/\/archeoaep.fr\/index.php?rest_route=%2Fwp%2Fv2%2Fproduct_brand&post=174"},{"taxonomy":"product_cat","embeddable":true,"href":"https:\/\/archeoaep.fr\/index.php?rest_route=%2Fwp%2Fv2%2Fproduct_cat&post=174"},{"taxonomy":"product_tag","embeddable":true,"href":"https:\/\/archeoaep.fr\/index.php?rest_route=%2Fwp%2Fv2%2Fproduct_tag&post=174"}],"curies":[{"name":"wp","href":"https:\/\/api.w.org\/{rel}","templated":true}]}}