{"id":394,"date":"2014-09-30T20:37:35","date_gmt":"2014-09-30T19:37:35","guid":{"rendered":"http:\/\/www.archeoaep.fr\/?product=rmpr-10"},"modified":"2025-01-23T08:39:38","modified_gmt":"2025-01-23T07:39:38","slug":"rmpr-10","status":"publish","type":"product","link":"https:\/\/archeoaep.fr\/?product=rmpr-10","title":{"rendered":"RMPR 10"},"content":{"rendered":"<h2>Chronologie de la Pr\u00e9histoire r\u00e9cente. Actualit\u00e9 de la recherche. Actes des 10e Rencontres M\u00e9ridionales de Pr\u00e9histoire R\u00e9cente, Porticcio, 18-20 octobre 2012<\/h2>\n<h3><strong>2014, I. S\u00c9N\u00c9PART, F. LEANDRI, J. CAULIEZ, T. PERRIN et \u00c9. THIRAULT, dir.<\/strong><\/h3>\n<p>Le Th\u00e8me de ces Xe Rencontres M\u00e9ridionales de Pr\u00e9histoire R\u00e9cente se veut un hommage au colloque d\u2019Amb\u00e9rieu-en-Bugey (Ain) de 1992 \u00ab Chronologie n\u00e9olithiques. De 6000 \u00e0 2000 avant notre \u00e8re dans le bassin rhodanien \u00bb, publi\u00e9, en 1995, sous la direction de Jean-Louis Voruz. Rassemblant les n\u00e9olithiciens du Sud de la France, ce colloque dressait un \u00e9tat des lieux des connaissances et des usages chronologiques, notamment au travers des pratiques concernant le radiocarbone, mais aussi \u00e0 l\u2019aide des donn\u00e9es d\u00e9duites des \u00e9tudes portant sur la culture mat\u00e9rielle. Vingt ans plus tard, o\u00f9 en sommes nous ? \u00c0 l\u2019occasion des Xe Rencontres M\u00e9ridionales de Pr\u00e9histoire R\u00e9cente, il nous a donc sembl\u00e9 pertinent de revenir sur le sujet, en prenant en compte l\u2019ensemble du Sud de la France et de ses marges afin de respecter les intentions des RMPR.<br \/>\n\u00c0 Amb\u00e9rieu, les questions de calibration (dont la pratique \u00e9tait r\u00e9cente) et de l\u2019analyse des s\u00e9ries de dates avaient \u00e9t\u00e9 discut\u00e9es. De m\u00eame, ici, des questions de m\u00e9thode sont abord\u00e9es dans plusieurs articles \u00e0 propos d\u2019un outil statistique utilis\u00e9 nouvellement en Pr\u00e9histoire : l\u2019analyse bay\u00e9sienne. Par ailleurs, des approches chronologiques plus classiques reposant sur des donn\u00e9es factuelles assorties aux s\u00e9ries de datations 14C sont \u00e9galement propos\u00e9e. L\u2019ensemble de ces d\u00e9marches tend \u00e0 fournir une vision renouvel\u00e9e des chronologies n\u00e9olithiques du N\u00e9olithique ancien \u00e0 l\u2019\u00e2ge du Bronze dans le Sud de la France.<br \/>\nComme pr\u00e9c\u00e9demment, le Thema est suivi par un volet portant sur l\u2019actualit\u00e9 de la recherche, richement illustr\u00e9e, ici, par des articles dont une majorit\u00e9 a trait \u00e0 l\u2019activit\u00e9 arch\u00e9ologique r\u00e9cente de la Corse, l\u2019h\u00f4te du colloque.<\/p>\n","protected":false},"excerpt":{"rendered":"<p>Chronologie de la Pr\u00e9histoire r\u00e9cente. Actualit\u00e9 de la recherche. Actes des 10e Rencontres M\u00e9ridionales de Pr\u00e9histoire R\u00e9cente, Porticcio, 18-20 octobre 2012 2014, I. S\u00c9N\u00c9PART, F. LEANDRI, J. CAULIEZ, T. PERRIN [&hellip;]<\/p>\n","protected":false},"featured_media":397,"comment_status":"closed","ping_status":"closed","template":"","meta":[],"product_brand":[],"product_cat":[166],"product_tag":[76,21,105,150,23,99,118,119,107,83,75,108,20,79,114,102,74,27],"class_list":{"0":"post-394","1":"product","2":"type-product","3":"status-publish","4":"has-post-thumbnail","6":"product_cat-monographies-syntheses-et-colloques","7":"product_tag-age-du-bronze","8":"product_tag-ceramique","9":"product_tag-chronologie","10":"product_tag-corse","11":"product_tag-industrie-lithique","12":"product_tag-languedoc","13":"product_tag-mediterranee","14":"product_tag-mesolithique","15":"product_tag-mesolithique-recent","16":"product_tag-midi-pyrenees","17":"product_tag-neolithique","18":"product_tag-neolithique-ancien","19":"product_tag-neolithique-final","20":"product_tag-neolithique-moyen","21":"product_tag-pratiques-funeraires","22":"product_tag-rhone-alpes","23":"product_tag-rmpr","24":"product_tag-sud-de-la-france","25":"pa_isbn-978-2-35842-012-9","26":"pa_nombre-de-pages-148","27":"pa_poids-24-kg","28":"has_thumb","30":"first","31":"instock","32":"taxable","33":"shipping-taxable","34":"purchasable","35":"product-type-simple"},"_links":{"self":[{"href":"https:\/\/archeoaep.fr\/index.php?rest_route=\/wp\/v2\/product\/394","targetHints":{"allow":["GET"]}}],"collection":[{"href":"https:\/\/archeoaep.fr\/index.php?rest_route=\/wp\/v2\/product"}],"about":[{"href":"https:\/\/archeoaep.fr\/index.php?rest_route=\/wp\/v2\/types\/product"}],"replies":[{"embeddable":true,"href":"https:\/\/archeoaep.fr\/index.php?rest_route=%2Fwp%2Fv2%2Fcomments&post=394"}],"wp:featuredmedia":[{"embeddable":true,"href":"https:\/\/archeoaep.fr\/index.php?rest_route=\/wp\/v2\/media\/397"}],"wp:attachment":[{"href":"https:\/\/archeoaep.fr\/index.php?rest_route=%2Fwp%2Fv2%2Fmedia&parent=394"}],"wp:term":[{"taxonomy":"product_brand","embeddable":true,"href":"https:\/\/archeoaep.fr\/index.php?rest_route=%2Fwp%2Fv2%2Fproduct_brand&post=394"},{"taxonomy":"product_cat","embeddable":true,"href":"https:\/\/archeoaep.fr\/index.php?rest_route=%2Fwp%2Fv2%2Fproduct_cat&post=394"},{"taxonomy":"product_tag","embeddable":true,"href":"https:\/\/archeoaep.fr\/index.php?rest_route=%2Fwp%2Fv2%2Fproduct_tag&post=394"}],"curies":[{"name":"wp","href":"https:\/\/api.w.org\/{rel}","templated":true}]}}